{"id":1470,"date":"2019-12-05T19:25:39","date_gmt":"2019-12-05T19:25:39","guid":{"rendered":"http:\/\/ah-tischlerei.at\/?page_id=1470"},"modified":"2023-03-17T17:43:28","modified_gmt":"2023-03-17T17:43:28","slug":"datenschutzerklaerung","status":"publish","type":"page","link":"http:\/\/ah-tischlerei.at\/?page_id=1470","title":{"rendered":"Datenschutzerkl\u00e4rung"},"content":{"rendered":"<p>Personenbezogene Daten (nachfolgend zumeist nur \u201eDaten\u201c genannt) werden von uns nur im Rahmen der Erforderlichkeit sowie zum Zwecke der Bereitstellung eines funktionsf\u00e4higen und nutzerfreundlichen Internetauftritts, inklusive seiner Inhalte und der dort angebotenen Leistungen, verarbeitet.<\/p>\n<p>Gem\u00e4\u00df Art. 4 Ziffer 1. der Verordnung (EU) 2016\/679, also der Datenschutz-Grundverordnung (nachfolgend nur \u201eDSGVO\u201c genannt), gilt als \u201eVerarbeitung\u201c jeder mit oder ohne Hilfe automatisierter Verfahren ausgef\u00fchrter Vorgang oder jede solche Vorgangsreihe im Zusammenhang mit personenbezogenen Daten, wie das Erheben, das Erfassen, die Organisation, das Ordnen, die Speicherung, die Anpassung oder Ver\u00e4nderung, das Auslesen, das Abfragen, die Verwendung, die Offenlegung durch \u00dcbermittlung, Verbreitung oder eine andere Form der Bereitstellung, den Abgleich oder die Verkn\u00fcpfung, die Einschr\u00e4nkung, das L\u00f6schen oder die Vernichtung.<\/p>\n<p>Mit der nachfolgenden Datenschutzerkl\u00e4rung informieren wir Sie insbesondere \u00fcber Art, Umfang, Zweck, Dauer und Rechtsgrundlage der Verarbeitung personenbezogener Daten, soweit wir entweder allein oder gemeinsam mit anderen \u00fcber die Zwecke und Mittel der Verarbeitung entscheiden. Zudem informieren wir Sie nachfolgend \u00fcber die von uns zu Optimierungszwecken sowie zur Steigerung der Nutzungsqualit\u00e4t eingesetzten Fremdkomponenten, soweit hierdurch Dritte Daten in wiederum eigener Verantwortung verarbeiten.<\/p>\n<p>Unsere Datenschutzerkl\u00e4rung ist wie folgt gegliedert:<\/p>\n<p>I. Informationen \u00fcber uns als Verantwortliche<br \/>II. Rechte der Nutzer und Betroffenen<br \/>III. Informationen zur Datenverarbeitung<br \/>IV. Sicherheit<\/p>\n<h3>I. Informationen \u00fcber uns als Verantwortliche<\/h3>\n<p>Verantwortlicher Anbieter dieses Internetauftritts im datenschutzrechtlichen Sinne ist:<\/p>\n<p style=\"text-align: center;\">Tischlerei Affenzeller Hermann<\/p>\n<p style=\"text-align: center;\">UID: ATU 42130001<\/p>\n<p style=\"text-align: center;\">Ritzenedt 13<\/p>\n<p style=\"text-align: center;\">4272 Weitersfelden<\/p>\n<p style=\"text-align: center;\">\u00d6STERREICH<\/p>\n<p style=\"text-align: center;\"><strong>Kontakt:<\/strong><\/p>\n<p style=\"text-align: center;\">Tel. <a href=\"tel:+436649520087\">+43 664 9520087<\/a><\/p>\n<p style=\"text-align: center;\">Mail: <a href=\"mailto:office@ah-tischlerei.at\">office@ah-tischlerei.at<\/a><\/p>\n<p style=\"text-align: center;\">Homepage: <a class=\"customize-unpreviewable\" href=\"http:\/\/www.ah-tischlerei.at\">www.ah-tischlerei.at<\/a><\/p>\n<p style=\"text-align: center;\">\u00a0<\/p>\n<h3>II. Rechte der Nutzer und Betroffenen<\/h3>\n<p>Mit Blick auf die nachfolgend noch n\u00e4her beschriebene Datenverarbeitung haben die Nutzer und Betroffenen das Recht<\/p>\n<ul>\n<li>auf Best\u00e4tigung, ob sie betreffende Daten verarbeitet werden, auf Auskunft \u00fcber die verarbeiteten Daten, auf weitere Informationen \u00fcber die Datenverarbeitung sowie auf Kopien der Daten (vgl. auch Art. 15 DSGVO);<\/li>\n<li>auf Berichtigung oder Vervollst\u00e4ndigung unrichtiger bzw. unvollst\u00e4ndiger Daten (vgl. auch Art. 16 DSGVO);<\/li>\n<li>auf unverz\u00fcgliche L\u00f6schung der sie betreffenden Daten (vgl. auch Art. 17 DSGVO), oder, alternativ, soweit eine weitere Verarbeitung gem\u00e4\u00df Art. 17 Abs. 3 DSGVO erforderlich ist, auf Einschr\u00e4nkung der Verarbeitung nach Ma\u00dfgabe von Art. 18 DSGVO;<\/li>\n<li>auf Erhalt der sie betreffenden und von ihnen bereitgestellten Daten und auf \u00dcbermittlung dieser Daten an andere Anbieter\/Verantwortliche (vgl. auch Art. 20 DSGVO);<\/li>\n<li>auf Beschwerde gegen\u00fcber der Aufsichtsbeh\u00f6rde, sofern sie der Ansicht sind, dass die sie betreffenden Daten durch den Anbieter unter Versto\u00df gegen datenschutzrechtliche Bestimmungen verarbeitet werden (vgl. auch Art. 77 DSGVO).<\/li>\n<\/ul>\n<p>Dar\u00fcber hinaus ist der Anbieter dazu verpflichtet, alle Empf\u00e4nger, denen gegen\u00fcber Daten durch den Anbieter offengelegt worden sind, \u00fcber jedwede Berichtigung oder L\u00f6schung von Daten oder die Einschr\u00e4nkung der Verarbeitung, die aufgrund der Artikel 16, 17 Abs. 1, 18 DSGVO erfolgt, zu unterrichten. Diese Verpflichtung besteht jedoch nicht, soweit diese Mitteilung unm\u00f6glich oder mit einem unverh\u00e4ltnism\u00e4\u00dfigen Aufwand verbunden ist. Unbeschadet dessen hat der Nutzer ein Recht auf Auskunft \u00fcber diese Empf\u00e4nger.<\/p>\n<p><strong>Ebenfalls haben die Nutzer und Betroffenen nach Art. 21 DSGVO das Recht auf Widerspruch gegen die k\u00fcnftige Verarbeitung der sie betreffenden Daten, sofern die Daten durch den Anbieter nach Ma\u00dfgabe von Art. 6 Abs. 1 lit. f) DSGVO verarbeitet werden. Insbesondere ist ein Widerspruch gegen die Datenverarbeitung zum Zwecke der Direktwerbung statthaft.<\/strong><\/p>\n<h3>III. Informationen zur Datenverarbeitung<\/h3>\n<p>Ihre bei Nutzung unseres Internetauftritts verarbeiteten Daten werden gel\u00f6scht oder gesperrt, sobald der Zweck der Speicherung entf\u00e4llt, der L\u00f6schung der Daten keine gesetzlichen Aufbewahrungspflichten entgegenstehen und nachfolgend keine anderslautenden Angaben zu einzelnen Verarbeitungsverfahren gemacht werden.<\/p>\n<h4>Cookies<\/h4>\n<h5>a) Sitzungs-Cookies\/Session-Cookies<\/h5>\n<p>Wir verwenden mit unserem Internetauftritt sog. Cookies. Cookies sind kleine Textdateien oder andere Speichertechnologien, die durch den von Ihnen eingesetzten Internet-Browser auf Ihrem Endger\u00e4t ablegt und gespeichert werden. Durch diese Cookies werden im individuellen Umfang bestimmte Informationen von Ihnen, wie beispielsweise Ihre Browser- oder Standortdaten oder Ihre IP-Adresse, verarbeitet.<\/p>\n<p>Durch diese Verarbeitung wird unser Internetauftritt benutzerfreundlicher, effektiver und sicherer, da die Verarbeitung bspw. die Wiedergabe unseres Internetauftritts in unterschiedlichen Sprachen oder das Angebot einer Warenkorbfunktion erm\u00f6glicht.<\/p>\n<p>Rechtsgrundlage dieser Verarbeitung ist Art. 6 Abs. 1 lit b.) DSGVO, sofern diese Cookies Daten zur Vertragsanbahnung oder Vertragsabwicklung verarbeitet werden.<\/p>\n<p>Falls die Verarbeitung nicht der Vertragsanbahnung oder Vertragsabwicklung dient, liegt unser berechtigtes Interesse in der Verbesserung der Funktionalit\u00e4t unseres Internetauftritts. Rechtsgrundlage ist in dann Art. 6 Abs. 1 lit. f) DSGVO.<\/p>\n<p>Mit Schlie\u00dfen Ihres Internet-Browsers werden diese Session-Cookies gel\u00f6scht.<\/p>\n<h5>b) Drittanbieter-Cookies<\/h5>\n<p>Gegebenenfalls werden mit unserem Internetauftritt auch Cookies von Partnerunternehmen, mit denen wir zum Zwecke der Werbung, der Analyse oder der Funktionalit\u00e4ten unseres Internetauftritts zusammenarbeiten, verwendet.<\/p>\n<p>Die Einzelheiten hierzu, insbesondere zu den Zwecken und den Rechtsgrundlagen der Verarbeitung solcher Drittanbieter-Cookies, entnehmen Sie bitte den nachfolgenden Informationen.<\/p>\n<h5>c) Beseitigungsm\u00f6glichkeit<\/h5>\n<p>Sie k\u00f6nnen die Installation der Cookies durch eine Einstellung Ihres Internet-Browsers verhindern oder einschr\u00e4nken. Ebenfalls k\u00f6nnen Sie bereits gespeicherte Cookies jederzeit l\u00f6schen. Die hierf\u00fcr erforderlichen Schritte und Ma\u00dfnahmen h\u00e4ngen jedoch von Ihrem konkret genutzten Internet-Browser ab. Bei Fragen benutzen Sie daher bitte die Hilfefunktion oder Dokumentation Ihres Internet-Browsers oder wenden sich an dessen Hersteller bzw. Support. Bei sog. Flash-Cookies kann die Verarbeitung allerdings nicht \u00fcber die Einstellungen des Browsers unterbunden werden. Stattdessen m\u00fcssen Sie insoweit die Einstellung Ihres Flash-Players \u00e4ndern. Auch die hierf\u00fcr erforderlichen Schritte und Ma\u00dfnahmen h\u00e4ngen von Ihrem konkret genutzten Flash-Player ab. Bei Fragen benutzen Sie daher bitte ebenso die Hilfefunktion oder Dokumentation Ihres Flash-Players oder wenden sich an den Hersteller bzw. Benutzer-Support.<\/p>\n<p>Sollten Sie die Installation der Cookies verhindern oder einschr\u00e4nken, kann dies allerdings dazu f\u00fchren, dass nicht s\u00e4mtliche Funktionen unseres Internetauftritts vollumf\u00e4nglich nutzbar sind.<\/p>\n<h4>Kontaktanfragen \/ Kontaktm\u00f6glichkeit<\/h4>\n<p>Sofern Sie per Kontaktformular oder E-Mail mit uns in Kontakt treten, werden die dabei von Ihnen angegebenen Daten zur Bearbeitung Ihrer Anfrage genutzt. Die Angabe der Daten ist zur Bearbeitung und Beantwortung Ihre Anfrage erforderlich &#8211; ohne deren Bereitstellung k\u00f6nnen wir Ihre Anfrage nicht oder allenfalls eingeschr\u00e4nkt beantworten.<\/p>\n<p>Rechtsgrundlage f\u00fcr diese Verarbeitung ist Art. 6 Abs. 1 lit. b) DSGVO.<\/p>\n<p>Ihre Daten werden gel\u00f6scht, sofern Ihre Anfrage abschlie\u00dfend beantwortet worden ist und der L\u00f6schung keine gesetzlichen Aufbewahrungspflichten entgegenstehen, wie bspw. bei einer sich etwaig anschlie\u00dfenden Vertragsabwicklung.<\/p>\n<h4>Google Analytics<\/h4>\n<p>In unserem Internetauftritt setzen wir Google Analytics ein. Hierbei handelt es sich um einen Webanalysedienst der Google Ireland Limited, Gordon House, Barrow Street, Dublin 4, Irland, nachfolgend nur \u201eGoogle\u201c genannt.<\/p>\n<p>Durch die Zertifizierung nach dem EU-US-Datenschutzschild (\u201eEU-US Privacy Shield\u201c)<\/p>\n<p><a href=\"https:\/\/www.privacyshield.gov\/participant?id=a2zt000000001L5AAI&amp;status=Active\" target=\"_blank\" rel=\"noopener noreferrer\">https:\/\/www.privacyshield.gov\/participant?id=a2zt000000001L5AAI&amp;status=Active<\/a><\/p>\n<p>garantiert Google, dass die Datenschutzvorgaben der EU auch bei der Verarbeitung von Daten in den USA eingehalten werden.<\/p>\n<p>Der Dienst Google Analytics dient zur Analyse des Nutzungsverhaltens unseres Internetauftritts. Rechtsgrundlage ist Art. 6 Abs. 1 lit. f) DSGVO. Unser berechtigtes Interesse liegt in der Analyse, Optimierung und dem wirtschaftlichen Betrieb unseres Internetauftritts.<\/p>\n<p>Nutzungs- und nutzerbezogene Informationen, wie bspw. IP-Adresse, Ort, Zeit oder H\u00e4ufigkeit des Besuchs unseres Internetauftritts, werden dabei an einen Server von Google in den USA \u00fcbertragen und dort gespeichert. Allerdings nutzen wir Google Analytics mit der sog. Anonymisierungsfunktion. Durch diese Funktion k\u00fcrzt Google die IP-Adresse schon innerhalb der EU bzw. des EWR.<\/p>\n<p>Die so erhobenen Daten werden wiederum von Google genutzt, um uns eine Auswertung \u00fcber den Besuch unseres Internetauftritts sowie \u00fcber die dortigen Nutzungsaktivit\u00e4ten zur Verf\u00fcgung zu stellen. Auch k\u00f6nnen diese Daten genutzt werden, um weitere Dienstleistungen zu erbringen, die mit der Nutzung unseres Internetauftritts und der Nutzung des Internets zusammenh\u00e4ngen.<\/p>\n<p>Google gibt an, Ihre IP-Adresse nicht mit anderen Daten zu verbinden. Zudem h\u00e4lt Google unter<\/p>\n<p><a href=\"https:\/\/www.google.com\/intl\/de\/policies\/privacy\/partners\" target=\"_blank\" rel=\"noopener noreferrer\">https:\/\/www.google.com\/intl\/de\/policies\/privacy\/partners<\/a><\/p>\n<p>weitere datenschutzrechtliche Informationen f\u00fcr Sie bereit, so bspw. auch zu den M\u00f6glichkeiten, die Datennutzung zu unterbinden.<\/p>\n<p>Zudem bietet Google unter<\/p>\n<p><a href=\"https:\/\/tools.google.com\/dlpage\/gaoptout?hl=de\" target=\"_blank\" rel=\"noopener noreferrer\">https:\/\/tools.google.com\/dlpage\/gaoptout?hl=de<\/a><\/p>\n<p>ein sog. Deaktivierungs-Add-on nebst weiteren Informationen hierzu an. Dieses Add-on l\u00e4sst sich mit den g\u00e4ngigen Internet-Browsern installieren und bietet Ihnen weitergehende Kontrollm\u00f6glichkeit \u00fcber die Daten, die Google bei Aufruf unseres Internetauftritts erfasst. Dabei teilt das Add-on dem JavaScript (ga.js) von Google Analytics mit, dass Informationen zum Besuch unseres Internetauftritts nicht an Google Analytics \u00fcbermittelt werden sollen. Dies verhindert aber nicht, dass Informationen an uns oder an andere Webanalysedienste \u00fcbermittelt werden. Ob und welche weiteren Webanalysedienste von uns eingesetzt werden, erfahren Sie nat\u00fcrlich ebenfalls in dieser Datenschutzerkl\u00e4rung.<\/p>\n<h4>Google-Maps<\/h4>\n<p>In unserem Internetauftritt setzen wir Google Maps zur Darstellung unseres Standorts sowie zur Erstellung einer Anfahrtsbeschreibung ein. Es handelt sich hierbei um einen Dienst der Google Ireland Limited, Gordon House, Barrow Street, Dublin 4, Irland, nachfolgend nur \u201eGoogle\u201c genannt.<\/p>\n<p>Durch die Zertifizierung nach dem EU-US-Datenschutzschild (\u201eEU-US Privacy Shield\u201c)<\/p>\n<p><a href=\"https:\/\/www.privacyshield.gov\/participant?id=a2zt000000001L5AAI&amp;status=Active\" target=\"_blank\" rel=\"noopener noreferrer\">https:\/\/www.privacyshield.gov\/participant?id=a2zt000000001L5AAI&amp;status=Active<\/a><\/p>\n<p>garantiert Google, dass die Datenschutzvorgaben der EU auch bei der Verarbeitung von Daten in den USA eingehalten werden.<\/p>\n<p>Um die Darstellung bestimmter Schriften in unserem Internetauftritt zu erm\u00f6glichen, wird bei Aufruf unseres Internetauftritts eine Verbindung zu dem Google-Server in den USA aufgebaut.<\/p>\n<p>Sofern Sie die in unseren Internetauftritt eingebundene Komponente Google Maps aufrufen, speichert Google \u00fcber Ihren Internet-Browser ein Cookie auf Ihrem Endger\u00e4t. Um unseren Standort anzuzeigen und eine Anfahrtsbeschreibung zu erstellen, werden Ihre Nutzereinstellungen und -daten verarbeitet. Hierbei k\u00f6nnen wir nicht ausschlie\u00dfen, dass Google Server in den USA einsetzt.<\/p>\n<p>Rechtsgrundlage ist Art. 6 Abs. 1 lit. f) DSGVO. Unser berechtigtes Interesse liegt in der Optimierung der Funktionalit\u00e4t unseres Internetauftritts.<\/p>\n<p>Durch die so hergestellte Verbindung zu Google kann Google ermitteln, von welcher Website Ihre Anfrage gesendet worden ist und an welche IP-Adresse die Anfahrtsbeschreibung zu \u00fcbermitteln ist.<\/p>\n<p>Sofern Sie mit dieser Verarbeitung nicht einverstanden sind, haben Sie die M\u00f6glichkeit, die Installation der Cookies durch die entsprechenden Einstellungen in Ihrem Internet-Browser zu verhindern. Einzelheiten hierzu finden Sie vorstehend unter dem Punkt \u201eCookies\u201c.<\/p>\n<p>Zudem erfolgt die Nutzung von Google Maps sowie der \u00fcber Google Maps erlangten Informationen nach den <a href=\"http:\/\/www.google.de\/accounts\/TOS\" target=\"_blank\" rel=\"noopener noreferrer\">Google-Nutzungsbedingungen<\/a>\u00a0<a href=\"https:\/\/policies.google.com\/terms?gl=DE&amp;hl=de\" target=\"_blank\" rel=\"noopener noreferrer\">https:\/\/policies.google.com\/terms?gl=DE&amp;hl=de<\/a> und den <a href=\"https:\/\/www.google.com\/intl\/de_de\/help\/terms_maps.html\" target=\"_blank\" rel=\"noopener noreferrer\">Gesch\u00e4ftsbedingungen f\u00fcr Google Maps<\/a> https:\/\/www.google.com\/intl\/de_de\/help\/terms_maps.html.<\/p>\n<p>\u00dcberdies bietet Google unter<\/p>\n<p><a href=\"https:\/\/adssettings.google.com\/authenticated\" target=\"_blank\" rel=\"noopener noreferrer\">https:\/\/adssettings.google.com\/authenticated<\/a><\/p>\n<p><a href=\"https:\/\/policies.google.com\/privacy\" target=\"_blank\" rel=\"noopener noreferrer\">https:\/\/policies.google.com\/privacy<\/a><\/p>\n<p>weitergehende Informationen an.<\/p>\n<h4>Google reCAPTCHA<\/h4>\n<p>In unserem Internetauftritt setzen wir Google reCAPTCHA zur \u00dcberpr\u00fcfung und Vermeidung von Interaktionen auf unserer Internetseite durch automatisierte Zugriffe, bspw. durch sog. Bots, ein. Es handelt sich hierbei um einen Dienst der Google Ireland Limited, Gordon House, Barrow Street, Dublin 4, Irland, nachfolgend nur \u201eGoogle\u201c genannt.<\/p>\n<p>Durch die Zertifizierung nach dem EU-US-Datenschutzschild (\u201eEU-US Privacy Shield\u201c)<\/p>\n<p><a href=\"https:\/\/www.privacyshield.gov\/participant?id=a2zt000000001L5AAI&amp;status=Active\" target=\"_blank\" rel=\"noopener noreferrer\">https:\/\/www.privacyshield.gov\/participant?id=a2zt000000001L5AAI&amp;status=Active<\/a><\/p>\n<p>garantiert Google, dass die Datenschutzvorgaben der EU auch bei der Verarbeitung von Daten in den USA eingehalten werden.<\/p>\n<p>Durch diesen Dienst kann Google ermitteln, von welcher Webseite eine Anfrage gesendet wird sowie von welcher IP-Adresse aus Sie die sog. reCAPTCHA-Eingabebox verwenden. Neben Ihrer IP-Adresse werden wom\u00f6glich noch weitere Informationen durch Google erfasst, die f\u00fcr das Angebot und die Gew\u00e4hrleistung dieses Dienstes notwendig sind.<\/p>\n<p>Rechtsgrundlage ist Art. 6 Abs. 1 lit. f) DSGVO. Unser berechtigtes Interesse liegt in der Sicherheit unseres Internetauftritts sowie in der Abwehr unerw\u00fcnschter, automatisierter Zugriffe in Form von Spam o.\u00e4..<\/p>\n<p>Google bietet unter<\/p>\n<p><a href=\"https:\/\/policies.google.com\/privacy\" target=\"_blank\" rel=\"noopener noreferrer\">https:\/\/policies.google.com\/privacy<\/a><\/p>\n<p>weitergehende Informationen zu dem allgemeinen Umgang mit Ihren Nutzerdaten an.<\/p>\n<h4>Google Fonts<\/h4>\n<p>In unserem Internetauftritt setzen wir Google Fonts zur Darstellung externer Schriftarten ein. Es handelt sich hierbei um einen Dienst der Google Ireland Limited, Gordon House, Barrow Street, Dublin 4, Irland, nachfolgend nur \u201eGoogle\u201c genannt.<\/p>\n<p>Durch die Zertifizierung nach dem EU-US-Datenschutzschild (\u201eEU-US Privacy Shield\u201c)<\/p>\n<p><a href=\"https:\/\/www.privacyshield.gov\/participant?id=a2zt000000001L5AAI&amp;status=Active\" target=\"_blank\" rel=\"noopener noreferrer\">https:\/\/www.privacyshield.gov\/participant?id=a2zt000000001L5AAI&amp;status=Active<\/a><\/p>\n<p>garantiert Google, dass die Datenschutzvorgaben der EU auch bei der Verarbeitung von Daten in den USA eingehalten werden.<\/p>\n<p>Um die Darstellung bestimmter Schriften in unserem Internetauftritt zu erm\u00f6glichen, wird bei Aufruf unseres Internetauftritts eine Verbindung zu dem Google-Server in den USA aufgebaut.<\/p>\n<p>Rechtsgrundlage ist Art. 6 Abs. 1 lit. f) DSGVO. Unser berechtigtes Interesse liegt in der Optimierung und dem wirtschaftlichen Betrieb unseres Internetauftritts.<\/p>\n<p>Durch die bei Aufruf unseres Internetauftritts hergestellte Verbindung zu Google kann Google ermitteln, von welcher Website Ihre Anfrage gesendet worden ist und an welche IP-Adresse die Darstellung der Schrift zu \u00fcbermitteln ist.<\/p>\n<p>Google bietet unter<\/p>\n<p><a href=\"https:\/\/adssettings.google.com\/authenticated\" target=\"_blank\" rel=\"noopener noreferrer\">https:\/\/adssettings.google.com\/authenticated<\/a><\/p>\n<p><a href=\"https:\/\/policies.google.com\/privacy\" target=\"_blank\" rel=\"noopener noreferrer\">https:\/\/policies.google.com\/privacy<\/a><\/p>\n<p>weitere Informationen an und zwar insbesondere zu den M\u00f6glichkeiten der Unterbindung der Datennutzung.<\/p>\n<div class=\"post-content\">\n<h4>Facebook\/Meta-Pixel Datenschutzerkl\u00e4rung<\/h4>\n<p>Wir verwenden auf unserer Webseite das Facebook-Pixel von Facebook. Daf\u00fcr haben wir einen Code auf unserer Webseite implementiert. Der Facebook-Pixel ist ein Ausschnitt aus JavaScript-Code, der eine Ansammlung von Funktionen l\u00e4dt, mit denen Facebook Ihre Userhandlungen verfolgen kann, sofern Sie \u00fcber Facebook-Ads auf unsere Webseite gekommen sind. Wenn Sie beispielsweise ein Produkt auf unserer Webseite erwerben, wird das Facebook-Pixel ausgel\u00f6st und speichert Ihre Handlungen auf unserer Webseite in einem oder mehreren Cookies. Diese Cookies erm\u00f6glichen es Facebook Ihre Userdaten (Kundendaten wie IP-Adresse, User-ID) mit den Daten Ihres Facebook-Kontos abzugleichen. Dann l\u00f6scht Facebook diese Daten wieder. Die erhobenen Daten sind f\u00fcr uns anonym und nicht einsehbar und werden nur im Rahmen von Werbeanzeigenschaltungen nutzbar. Wenn Sie selbst Facebook-User sind und angemeldet sind, wird der Besuch unserer Webseite automatisch Ihrem Facebook-Benutzerkonto zugeordnet.<\/p>\n<p>Wir wollen unsere Dienstleistungen bzw. Produkte nur jenen Menschen zeigen, die sich auch wirklich daf\u00fcr interessieren. Mithilfe von Facebook-Pixel k\u00f6nnen unsere Werbema\u00dfnahmen besser auf Ihre W\u00fcnsche und Interessen abgestimmt werden. So bekommen Facebook-User (sofern sie personalisierte Werbung erlaubt haben) passende Werbung zu sehen. Weiters verwendet Facebook die erhobenen Daten zu Analysezwecken und eigenen Werbeanzeigen.<\/p>\n<p>Im Folgenden zeigen wir Ihnen jene Cookies, die durch das Einbinden von Facebook-Pixel auf einer Testseite gesetzt wurden. Bitte beachten Sie, dass dies nur Beispiel-Cookies sind. Je nach Interaktion auf unserer Webseite werden unterschiedliche Cookies gesetzt.<\/p>\n<p><strong>Name:<\/strong> _fbp<br \/><strong>Wert:<\/strong> fb.1.1568287647279.257405483-6231679060633-7<br \/><strong>Verwendungszweck:<\/strong> Dieses Cookie verwendet Facebook, um Werbeprodukte anzuzeigen.<br \/><strong>Ablaufdatum:<\/strong> nach 3 Monaten<\/p>\n<p><strong>Name:<\/strong>\u00a0fr<br \/><strong>Wert:<\/strong> 0aPf312HOS5Pboo2r..Bdeiuf\u20261.0.Bdeiuf.<br \/><strong>Verwendungszweck:<\/strong> Dieses Cookie wird verwendet, damit Facebook-Pixel auch ordentlich funktioniert.<br \/><strong>Ablaufdatum:<\/strong> nach 3 Monaten<\/p>\n<p><strong>Name:<\/strong> comment_author_50ae8267e2bdf1253ec1a5769f48e062231679060633-3<br \/><strong>Wert:<\/strong> Name des Autors<br \/><strong>Verwendungszweck:<\/strong> Dieses Cookie speichert den Text und den Namen eines Users, der beispielsweise einen Kommentar hinterl\u00e4sst.<br \/><strong>Ablaufdatum:<\/strong> nach 12 Monaten<\/p>\n<p><strong>Name:<\/strong> comment_author_url_50ae8267e2bdf1253ec1a5769f48e062<br \/><strong>Wert:<\/strong> https%3A%2F%2Fwww.testseite\u2026%2F (URL des Autors)<br \/><strong>Verwendungszweck:<\/strong> Dieses Cookie speichert die URL der Website, die der User in einem Textfeld auf unserer Webseite eingibt.<br \/><strong>Ablaufdatum:<\/strong> nach 12 Monaten<\/p>\n<p><strong>Name:<\/strong> comment_author_email_50ae8267e2bdf1253ec1a5769f48e062<br \/><strong>Wert:<\/strong> E-Mail-Adresse des Autors<br \/><strong>Verwendungszweck:<\/strong> Dieses Cookie speichert die E-Mail-Adresse des Users, sofern er sie auf der Website bekannt gegeben hat.<br \/><strong>Ablaufdatum:<\/strong> nach 12 Monaten<\/p>\n<p><strong>Anmerkung:\u00a0<\/strong>Die oben genannten Cookies beziehen sich auf ein individuelles Userverhalten. Speziell bei der Verwendung von Cookies sind Ver\u00e4nderungen bei Facebook nie auszuschlie\u00dfen.<\/p>\n<p>Sofern Sie bei Facebook angemeldet sind, k\u00f6nnen Sie Ihre Einstellungen f\u00fcr Werbeanzeigen unter <a class=\"external\" href=\"https:\/\/www.facebook.com\/ads\/preferences\/?entry_product=ad_settings_screen\" target=\"_blank\" rel=\"noopener nofollow\">https:\/\/www.facebook.com\/ads\/preferences\/?entry_product=ad_settings_screen<\/a>\u00a0selbst ver\u00e4ndern. Falls Sie kein Facebook-User sind, k\u00f6nnen Sie auf <a class=\"external\" href=\"http:\/\/www.youronlinechoices.com\/de\/praferenzmanagement\/?tid=231679060633\" target=\"_blank\" rel=\"noopener nofollow\">http:\/\/www.youronlinechoices.com\/de\/praferenzmanagement\/<\/a> grunds\u00e4tzlich Ihre nutzungsbasierte Online-Werbung verwalten. Dort haben Sie die M\u00f6glichkeit, Anbieter zu deaktivieren bzw. zu aktivieren.<\/p>\n<p>Wenn Sie mehr \u00fcber den Datenschutz von Facebook erfahren wollen, empfehlen wir Ihnen die eigenen Datenrichtlinien des Unternehmens auf <a class=\"external\" href=\"https:\/\/www.facebook.com\/policy.php\" target=\"_blank\" rel=\"noopener nofollow\">https:\/\/www.facebook.com\/policy.php<\/a>.<\/p>\n<p>Quelle: Erstellt\u00a0mit dem\u00a0<a title=\"Datenschutz Generator von firmenwebseiten.at\" href=\"https:\/\/www.firmenwebseiten.at\/datenschutz-generator\/\" target=\"_blank\" rel=\"follow noopener\">Datenschutz Generator von firmenwebseiten.at<\/a><\/p>\n<\/div>\n<h3>IV. Sicherheit<\/h3>\n<p>Wir setzen zahlreiche technische und organisatorische Sicherheitsma\u00dfnahmen ein, um Ihre Daten gegen Manipulationen, Verlust, Zerst\u00f6rung und gegen den Zugriff Dritter zu sch\u00fctzen. Unsere Sicherheitsma\u00dfnahmen werden entsprechend der tech-nologischen Entwicklung im Internet laufend verbessert.Sollten Sie n\u00e4here Informa-tionen zu Art und Umfang der von uns ergriffenen technischen und organisatorischen Ma\u00dfnahmen haben, stehen wir f\u00fcr diesbez\u00fcgliche schriftliche Anfragen jederzeit ger-ne zur Verf\u00fcgung.<\/p>\n<p>Diese Datenschutzerkl\u00e4rung wurde nach besten Wissen und Gewissen mit Hilfe einer Vorlage (<a href=\"https:\/\/www.ratgeberrecht.eu\/leistungen\/muster-datenschutzerklaerung.html\" target=\"_blank\" rel=\"noopener noreferrer\">Muster-Datenschutzerkl\u00e4rung) <\/a>der <a href=\"https:\/\/www.ratgeberrecht.eu\/datenschutz\/datenschutzerklaerung-generator-dsgvo.html\" target=\"_blank\" rel=\"noopener noreferrer\">Anwaltskanzlei Wei\u00df &amp; Partner <\/a>erstellt.<\/p>\n\n\n<p><\/p>\n","protected":false},"excerpt":{"rendered":"<p>Personenbezogene Daten (nachfolgend zumeist nur \u201eDaten\u201c genannt) werden von uns nur im Rahmen der Erforderlichkeit sowie zum Zwecke der Bereitstellung eines funktionsf\u00e4higen und nutzerfreundlichen Internetauftritts, inklusive seiner Inhalte und der &#8230;<\/p>\n","protected":false},"author":1,"featured_media":0,"parent":0,"menu_order":0,"comment_status":"closed","ping_status":"closed","template":"","meta":[],"yoast_head":"<!-- This site is optimized with the Yoast SEO plugin v19.5.1 - https:\/\/yoast.com\/wordpress\/plugins\/seo\/ -->\n<title>Datenschutzerkl\u00e4rung - Tischlerei Affenzeller<\/title>\n<meta name=\"robots\" content=\"index, follow, max-snippet:-1, max-image-preview:large, max-video-preview:-1\" \/>\n<link rel=\"canonical\" href=\"http:\/\/ah-tischlerei.at\/?page_id=1470\" \/>\n<meta property=\"og:locale\" content=\"de_DE\" \/>\n<meta property=\"og:type\" content=\"article\" \/>\n<meta property=\"og:title\" content=\"Datenschutzerkl\u00e4rung - Tischlerei Affenzeller\" \/>\n<meta property=\"og:description\" content=\"Personenbezogene Daten (nachfolgend zumeist nur \u201eDaten\u201c genannt) werden von uns nur im Rahmen der Erforderlichkeit sowie zum Zwecke der Bereitstellung eines funktionsf\u00e4higen und nutzerfreundlichen Internetauftritts, inklusive seiner Inhalte und der ...\" \/>\n<meta property=\"og:url\" content=\"http:\/\/ah-tischlerei.at\/?page_id=1470\" \/>\n<meta property=\"og:site_name\" content=\"Tischlerei Affenzeller\" \/>\n<meta property=\"article:modified_time\" content=\"2023-03-17T17:43:28+00:00\" \/>\n<meta name=\"twitter:card\" content=\"summary_large_image\" \/>\n<meta name=\"twitter:label1\" content=\"Gesch\u00e4tzte Lesezeit\" \/>\n\t<meta name=\"twitter:data1\" content=\"14\u00a0Minuten\" \/>\n<script type=\"application\/ld+json\" class=\"yoast-schema-graph\">{\"@context\":\"https:\/\/schema.org\",\"@graph\":[{\"@type\":\"WebPage\",\"@id\":\"http:\/\/ah-tischlerei.at\/?page_id=1470\",\"url\":\"http:\/\/ah-tischlerei.at\/?page_id=1470\",\"name\":\"Datenschutzerkl\u00e4rung - Tischlerei Affenzeller\",\"isPartOf\":{\"@id\":\"http:\/\/ah-tischlerei.at\/#website\"},\"datePublished\":\"2019-12-05T19:25:39+00:00\",\"dateModified\":\"2023-03-17T17:43:28+00:00\",\"breadcrumb\":{\"@id\":\"http:\/\/ah-tischlerei.at\/?page_id=1470#breadcrumb\"},\"inLanguage\":\"de\",\"potentialAction\":[{\"@type\":\"ReadAction\",\"target\":[\"http:\/\/ah-tischlerei.at\/?page_id=1470\"]}]},{\"@type\":\"BreadcrumbList\",\"@id\":\"http:\/\/ah-tischlerei.at\/?page_id=1470#breadcrumb\",\"itemListElement\":[{\"@type\":\"ListItem\",\"position\":1,\"name\":\"Startseite\",\"item\":\"http:\/\/ah-tischlerei.at\/\"},{\"@type\":\"ListItem\",\"position\":2,\"name\":\"Datenschutzerkl\u00e4rung\"}]},{\"@type\":\"WebSite\",\"@id\":\"http:\/\/ah-tischlerei.at\/#website\",\"url\":\"http:\/\/ah-tischlerei.at\/\",\"name\":\"Tischlerei Affenzeller\",\"description\":\"\",\"publisher\":{\"@id\":\"http:\/\/ah-tischlerei.at\/#organization\"},\"potentialAction\":[{\"@type\":\"SearchAction\",\"target\":{\"@type\":\"EntryPoint\",\"urlTemplate\":\"http:\/\/ah-tischlerei.at\/?s={search_term_string}\"},\"query-input\":\"required name=search_term_string\"}],\"inLanguage\":\"de\"},{\"@type\":\"Organization\",\"@id\":\"http:\/\/ah-tischlerei.at\/#organization\",\"name\":\"Tischlerei Affenzeller\",\"url\":\"http:\/\/ah-tischlerei.at\/\",\"sameAs\":[],\"logo\":{\"@type\":\"ImageObject\",\"inLanguage\":\"de\",\"@id\":\"http:\/\/ah-tischlerei.at\/#\/schema\/logo\/image\/\",\"url\":\"http:\/\/ah-tischlerei.at\/wp-content\/uploads\/2019\/08\/RZ_TischlereiAffenzeller_Logo-1.png\",\"contentUrl\":\"http:\/\/ah-tischlerei.at\/wp-content\/uploads\/2019\/08\/RZ_TischlereiAffenzeller_Logo-1.png\",\"width\":3543,\"height\":1063,\"caption\":\"Tischlerei Affenzeller\"},\"image\":{\"@id\":\"http:\/\/ah-tischlerei.at\/#\/schema\/logo\/image\/\"}}]}<\/script>\n<!-- \/ Yoast SEO plugin. -->","yoast_head_json":{"title":"Datenschutzerkl\u00e4rung - Tischlerei Affenzeller","robots":{"index":"index","follow":"follow","max-snippet":"max-snippet:-1","max-image-preview":"max-image-preview:large","max-video-preview":"max-video-preview:-1"},"canonical":"http:\/\/ah-tischlerei.at\/?page_id=1470","og_locale":"de_DE","og_type":"article","og_title":"Datenschutzerkl\u00e4rung - Tischlerei Affenzeller","og_description":"Personenbezogene Daten (nachfolgend zumeist nur \u201eDaten\u201c genannt) werden von uns nur im Rahmen der Erforderlichkeit sowie zum Zwecke der Bereitstellung eines funktionsf\u00e4higen und nutzerfreundlichen Internetauftritts, inklusive seiner Inhalte und der ...","og_url":"http:\/\/ah-tischlerei.at\/?page_id=1470","og_site_name":"Tischlerei Affenzeller","article_modified_time":"2023-03-17T17:43:28+00:00","twitter_card":"summary_large_image","twitter_misc":{"Gesch\u00e4tzte Lesezeit":"14\u00a0Minuten"},"schema":{"@context":"https:\/\/schema.org","@graph":[{"@type":"WebPage","@id":"http:\/\/ah-tischlerei.at\/?page_id=1470","url":"http:\/\/ah-tischlerei.at\/?page_id=1470","name":"Datenschutzerkl\u00e4rung - Tischlerei Affenzeller","isPartOf":{"@id":"http:\/\/ah-tischlerei.at\/#website"},"datePublished":"2019-12-05T19:25:39+00:00","dateModified":"2023-03-17T17:43:28+00:00","breadcrumb":{"@id":"http:\/\/ah-tischlerei.at\/?page_id=1470#breadcrumb"},"inLanguage":"de","potentialAction":[{"@type":"ReadAction","target":["http:\/\/ah-tischlerei.at\/?page_id=1470"]}]},{"@type":"BreadcrumbList","@id":"http:\/\/ah-tischlerei.at\/?page_id=1470#breadcrumb","itemListElement":[{"@type":"ListItem","position":1,"name":"Startseite","item":"http:\/\/ah-tischlerei.at\/"},{"@type":"ListItem","position":2,"name":"Datenschutzerkl\u00e4rung"}]},{"@type":"WebSite","@id":"http:\/\/ah-tischlerei.at\/#website","url":"http:\/\/ah-tischlerei.at\/","name":"Tischlerei Affenzeller","description":"","publisher":{"@id":"http:\/\/ah-tischlerei.at\/#organization"},"potentialAction":[{"@type":"SearchAction","target":{"@type":"EntryPoint","urlTemplate":"http:\/\/ah-tischlerei.at\/?s={search_term_string}"},"query-input":"required name=search_term_string"}],"inLanguage":"de"},{"@type":"Organization","@id":"http:\/\/ah-tischlerei.at\/#organization","name":"Tischlerei Affenzeller","url":"http:\/\/ah-tischlerei.at\/","sameAs":[],"logo":{"@type":"ImageObject","inLanguage":"de","@id":"http:\/\/ah-tischlerei.at\/#\/schema\/logo\/image\/","url":"http:\/\/ah-tischlerei.at\/wp-content\/uploads\/2019\/08\/RZ_TischlereiAffenzeller_Logo-1.png","contentUrl":"http:\/\/ah-tischlerei.at\/wp-content\/uploads\/2019\/08\/RZ_TischlereiAffenzeller_Logo-1.png","width":3543,"height":1063,"caption":"Tischlerei Affenzeller"},"image":{"@id":"http:\/\/ah-tischlerei.at\/#\/schema\/logo\/image\/"}}]}},"_links":{"self":[{"href":"http:\/\/ah-tischlerei.at\/index.php?rest_route=\/wp\/v2\/pages\/1470"}],"collection":[{"href":"http:\/\/ah-tischlerei.at\/index.php?rest_route=\/wp\/v2\/pages"}],"about":[{"href":"http:\/\/ah-tischlerei.at\/index.php?rest_route=\/wp\/v2\/types\/page"}],"author":[{"embeddable":true,"href":"http:\/\/ah-tischlerei.at\/index.php?rest_route=\/wp\/v2\/users\/1"}],"replies":[{"embeddable":true,"href":"http:\/\/ah-tischlerei.at\/index.php?rest_route=%2Fwp%2Fv2%2Fcomments&post=1470"}],"version-history":[{"count":8,"href":"http:\/\/ah-tischlerei.at\/index.php?rest_route=\/wp\/v2\/pages\/1470\/revisions"}],"predecessor-version":[{"id":1799,"href":"http:\/\/ah-tischlerei.at\/index.php?rest_route=\/wp\/v2\/pages\/1470\/revisions\/1799"}],"wp:attachment":[{"href":"http:\/\/ah-tischlerei.at\/index.php?rest_route=%2Fwp%2Fv2%2Fmedia&parent=1470"}],"curies":[{"name":"wp","href":"https:\/\/api.w.org\/{rel}","templated":true}]}}